{"id":1390,"date":"2025-03-03T13:27:51","date_gmt":"2025-03-03T12:27:51","guid":{"rendered":"https:\/\/nikias-imhoof.ch\/?post_type=tribe_events&#038;p=1390"},"modified":"2025-11-18T12:53:54","modified_gmt":"2025-11-18T11:53:54","slug":"concert-performance-avec-brice-catherin-a-la-villa-dutoit","status":"publish","type":"tribe_events","link":"https:\/\/nikias-imhoof.ch\/index.php\/event\/concert-performance-avec-brice-catherin-a-la-villa-dutoit\/","title":{"rendered":"Concert\/performance avec Brice Catherin \u00e0 la Villa Dutoit"},"content":{"rendered":"<div class=\"\">\n<div class=\"\"><span class=\"s2\"><span class=\"\" style=\"font-family: Times;\">dialogues<\/span><\/span><\/div>\n<div class=\"\"><span class=\"s2\"><span class=\"\" style=\"font-family: Times;\">Le duo Brice Catherin- Nikias Imhoof propose au public une expe\u0301rience de concert insolite, me\u0302lant le re\u0301pertoire e\u0301crit (romantique et moderne) pour violoncelle et piano a\u0300 l\u2019improvisation libre. En re\u0301unissant et en faisant dialoguer ces deux pratiques habituellement se\u0301pare\u0301es, le duo offre au public un re\u0301cital renouant avec la longue tradition des interpre\u0300tes improvisateurs telle qu\u2019elle a existe\u0301 jusqu\u2019au 19e\u0300me sie\u0300cle.\u00a0<\/span><\/span><\/div>\n<div class=\"\"><span class=\"\" style=\"font-family: Times;\"><span class=\"s2\">Pour ce r\u00e9cital, le duo interpr\u00e9tera trois oeuvres pour violoncelle et piano: la\u00a0<\/span><span class=\"s3\">Sonatine\u00a0<\/span><span class=\"s2\">(1909)\u00a0\u00a0de Zolta\u0301n Koda\u0301ly, un extrait de la\u00a0<\/span><span class=\"s3\">Sonate No. 1\u00a0<\/span><span class=\"s2\">(1939) de Bohuslav Martin\u016f et\u00a0<\/span><span class=\"s3\">3 Kleine St\u00fccke<\/span><span class=\"s2\">, Op.11 d\u2019Anton Webern. Ces pie\u0300ces seront introduites et prolong\u00e9es\u00a0<\/span><\/span><span class=\"\">\u00a0<\/span><span class=\"\">par des improvisations, le tout<\/span><span class=\"\">\u00a0comment\u00e9 par des lectures po\u00e9tiques: aux trois compositeurs r\u00e9pondront trois po\u00e9tesses.\u00a0<\/span><\/div>\n<\/div>\n","protected":false},"excerpt":{"rendered":"<p>dialogues Le duo Brice Catherin- Nikias Imhoof propose au public une expe\u0301rience de concert insolite, me\u0302lant le re\u0301pertoire e\u0301crit (romantique et moderne) pour violoncelle et piano a\u0300 l\u2019improvisation libre. En &hellip;<\/p>\n<p class=\"read-more\"> <a class=\"\" href=\"https:\/\/nikias-imhoof.ch\/index.php\/event\/concert-performance-avec-brice-catherin-a-la-villa-dutoit\/\"> <span class=\"screen-reader-text\">Concert\/performance avec Brice Catherin \u00e0 la Villa Dutoit<\/span> Lire la suite\u00a0\u00bb<\/a><\/p>\n","protected":false},"author":1,"featured_media":0,"comment_status":"closed","ping_status":"closed","template":"","meta":{"site-sidebar-layout":"default","site-content-layout":"default","ast-global-header-display":"","ast-main-header-display":"","ast-hfb-above-header-display":"","ast-hfb-below-header-display":"","ast-hfb-mobile-header-display":"","site-post-title":"","ast-breadcrumbs-content":"","ast-featured-img":"","footer-sml-layout":"","theme-transparent-header-meta":"default","adv-header-id-meta":"","stick-header-meta":"","header-above-stick-meta":"","header-main-stick-meta":"","header-below-stick-meta":"","_tribe_events_status":"","_tribe_events_status_reason":"","footnotes":""},"tags":[],"tribe_events_cat":[],"class_list":["post-1390","tribe_events","type-tribe_events","status-publish","hentry"],"_links":{"self":[{"href":"https:\/\/nikias-imhoof.ch\/index.php\/wp-json\/wp\/v2\/tribe_events\/1390","targetHints":{"allow":["GET"]}}],"collection":[{"href":"https:\/\/nikias-imhoof.ch\/index.php\/wp-json\/wp\/v2\/tribe_events"}],"about":[{"href":"https:\/\/nikias-imhoof.ch\/index.php\/wp-json\/wp\/v2\/types\/tribe_events"}],"author":[{"embeddable":true,"href":"https:\/\/nikias-imhoof.ch\/index.php\/wp-json\/wp\/v2\/users\/1"}],"replies":[{"embeddable":true,"href":"https:\/\/nikias-imhoof.ch\/index.php\/wp-json\/wp\/v2\/comments?post=1390"}],"version-history":[{"count":2,"href":"https:\/\/nikias-imhoof.ch\/index.php\/wp-json\/wp\/v2\/tribe_events\/1390\/revisions"}],"predecessor-version":[{"id":1475,"href":"https:\/\/nikias-imhoof.ch\/index.php\/wp-json\/wp\/v2\/tribe_events\/1390\/revisions\/1475"}],"wp:attachment":[{"href":"https:\/\/nikias-imhoof.ch\/index.php\/wp-json\/wp\/v2\/media?parent=1390"}],"wp:term":[{"taxonomy":"post_tag","embeddable":true,"href":"https:\/\/nikias-imhoof.ch\/index.php\/wp-json\/wp\/v2\/tags?post=1390"},{"taxonomy":"tribe_events_cat","embeddable":true,"href":"https:\/\/nikias-imhoof.ch\/index.php\/wp-json\/wp\/v2\/tribe_events_cat?post=1390"}],"curies":[{"name":"wp","href":"https:\/\/api.w.org\/{rel}","templated":true}]}}